{"id":2,"date":"2016-05-10T03:48:21","date_gmt":"2016-05-10T03:48:21","guid":{"rendered":"http:\/\/wp452m.a10-52-158-154.qa.plesk.ru\/wordpress\/?page_id=2"},"modified":"2025-10-09T08:06:13","modified_gmt":"2025-10-09T08:06:13","slug":"sample-page","status":"publish","type":"page","link":"https:\/\/rezensionen.afet.de\/","title":{"rendered":""},"content":{"rendered":"\n<p>In den <strong>AfeT-Rezensionen<\/strong> werden Neuerscheinungen aus der Bibelwissenschaft, der Systematischen, Historischen und der Praktischen Theologie vorgestellt. Ein besonderes Interesse gilt aktuellen Publikationen aus dem Bereich der biblisch erneuerten Theologie. Die Besprechungen konzentrieren sich auf den deutschen Sprachraum, beziehen aber auch relevante englische Titel ein.<\/p>\n\n\n\n<div class=\"wp-block-columns is-layout-flex wp-container-core-columns-is-layout-28f84493 wp-block-columns-is-layout-flex\">\n<div class=\"wp-block-column is-layout-flow wp-block-column-is-layout-flow\" style=\"flex-basis:100%\">\n<div class=\"wp-block-group is-layout-constrained wp-block-group-is-layout-constrained\"><ul class=\"wp-block-latest-posts__list is-grid columns-6 has-author wp-block-latest-posts\"><li><div class=\"wp-block-latest-posts__featured-image\"><a href=\"https:\/\/rezensionen.afet.de\/?p=2753\" aria-label=\"Sean McDowell (Hg.): Apologetics for an Ever-Changing Culture\"><img loading=\"lazy\" decoding=\"async\" width=\"101\" height=\"150\" src=\"https:\/\/rezensionen.afet.de\/wp-content\/uploads\/2026\/04\/McDowell-101x150.png\" class=\"attachment-thumbnail size-thumbnail wp-post-image\" alt=\"\" style=\"\" srcset=\"https:\/\/rezensionen.afet.de\/wp-content\/uploads\/2026\/04\/McDowell-101x150.png 101w, https:\/\/rezensionen.afet.de\/wp-content\/uploads\/2026\/04\/McDowell-202x300.png 202w, https:\/\/rezensionen.afet.de\/wp-content\/uploads\/2026\/04\/McDowell-184x272.png 184w, https:\/\/rezensionen.afet.de\/wp-content\/uploads\/2026\/04\/McDowell-138x205.png 138w, https:\/\/rezensionen.afet.de\/wp-content\/uploads\/2026\/04\/McDowell-61x90.png 61w, https:\/\/rezensionen.afet.de\/wp-content\/uploads\/2026\/04\/McDowell-300x445.png 300w, https:\/\/rezensionen.afet.de\/wp-content\/uploads\/2026\/04\/McDowell.png 351w\" sizes=\"auto, (max-width: 101px) 100vw, 101px\" \/><\/a><\/div><a class=\"wp-block-latest-posts__post-title\" href=\"https:\/\/rezensionen.afet.de\/?p=2753\">Sean McDowell (Hg.): Apologetics for an Ever-Changing Culture<\/a><div class=\"wp-block-latest-posts__post-author\">von Joshua Ganz<\/div><\/li>\n<li><div class=\"wp-block-latest-posts__featured-image\"><a href=\"https:\/\/rezensionen.afet.de\/?p=2750\" aria-label=\"Thomas Sch\u00e4rtl: Gott denken \u2013 Gott glauben\"><img loading=\"lazy\" decoding=\"async\" width=\"101\" height=\"150\" src=\"https:\/\/rezensionen.afet.de\/wp-content\/uploads\/2026\/04\/Schaertl-101x150.jpeg\" class=\"attachment-thumbnail size-thumbnail wp-post-image\" alt=\"\" style=\"\" srcset=\"https:\/\/rezensionen.afet.de\/wp-content\/uploads\/2026\/04\/Schaertl-101x150.jpeg 101w, https:\/\/rezensionen.afet.de\/wp-content\/uploads\/2026\/04\/Schaertl-202x300.jpeg 202w, https:\/\/rezensionen.afet.de\/wp-content\/uploads\/2026\/04\/Schaertl-183x272.jpeg 183w, https:\/\/rezensionen.afet.de\/wp-content\/uploads\/2026\/04\/Schaertl-138x205.jpeg 138w, https:\/\/rezensionen.afet.de\/wp-content\/uploads\/2026\/04\/Schaertl-61x90.jpeg 61w, https:\/\/rezensionen.afet.de\/wp-content\/uploads\/2026\/04\/Schaertl-300x445.jpeg 300w, https:\/\/rezensionen.afet.de\/wp-content\/uploads\/2026\/04\/Schaertl.jpeg 404w\" sizes=\"auto, (max-width: 101px) 100vw, 101px\" \/><\/a><\/div><a class=\"wp-block-latest-posts__post-title\" href=\"https:\/\/rezensionen.afet.de\/?p=2750\">Thomas Sch\u00e4rtl: Gott denken \u2013 Gott glauben<\/a><div class=\"wp-block-latest-posts__post-author\">von Gerhard Maier<\/div><\/li>\n<li><div class=\"wp-block-latest-posts__featured-image\"><a href=\"https:\/\/rezensionen.afet.de\/?p=2747\" aria-label=\"Maria Hinsenkamp: Visionen eines neuen Christentums\"><img loading=\"lazy\" decoding=\"async\" width=\"97\" height=\"150\" src=\"https:\/\/rezensionen.afet.de\/wp-content\/uploads\/2026\/04\/Hinsenkamp-97x150.jpg\" class=\"attachment-thumbnail size-thumbnail wp-post-image\" alt=\"\" style=\"\" srcset=\"https:\/\/rezensionen.afet.de\/wp-content\/uploads\/2026\/04\/Hinsenkamp-97x150.jpg 97w, https:\/\/rezensionen.afet.de\/wp-content\/uploads\/2026\/04\/Hinsenkamp-194x300.jpg 194w, https:\/\/rezensionen.afet.de\/wp-content\/uploads\/2026\/04\/Hinsenkamp-662x1024.jpg 662w, https:\/\/rezensionen.afet.de\/wp-content\/uploads\/2026\/04\/Hinsenkamp-768x1189.jpg 768w, https:\/\/rezensionen.afet.de\/wp-content\/uploads\/2026\/04\/Hinsenkamp-176x272.jpg 176w, https:\/\/rezensionen.afet.de\/wp-content\/uploads\/2026\/04\/Hinsenkamp-132x205.jpg 132w, https:\/\/rezensionen.afet.de\/wp-content\/uploads\/2026\/04\/Hinsenkamp-58x90.jpg 58w, https:\/\/rezensionen.afet.de\/wp-content\/uploads\/2026\/04\/Hinsenkamp-288x445.jpg 288w, https:\/\/rezensionen.afet.de\/wp-content\/uploads\/2026\/04\/Hinsenkamp.jpg 827w\" sizes=\"auto, (max-width: 97px) 100vw, 97px\" \/><\/a><\/div><a class=\"wp-block-latest-posts__post-title\" href=\"https:\/\/rezensionen.afet.de\/?p=2747\">Maria Hinsenkamp: Visionen eines neuen Christentums<\/a><div class=\"wp-block-latest-posts__post-author\">von Wolfgang Vondey<\/div><\/li>\n<li><div class=\"wp-block-latest-posts__featured-image\"><a href=\"https:\/\/rezensionen.afet.de\/?p=2744\" aria-label=\"Werner Thiede: Unsterblichkeit der Seele?\"><img loading=\"lazy\" decoding=\"async\" width=\"104\" height=\"150\" src=\"https:\/\/rezensionen.afet.de\/wp-content\/uploads\/2026\/04\/Thiede-104x150.jpg\" class=\"attachment-thumbnail size-thumbnail wp-post-image\" alt=\"\" style=\"\" srcset=\"https:\/\/rezensionen.afet.de\/wp-content\/uploads\/2026\/04\/Thiede-104x150.jpg 104w, https:\/\/rezensionen.afet.de\/wp-content\/uploads\/2026\/04\/Thiede-208x300.jpg 208w, https:\/\/rezensionen.afet.de\/wp-content\/uploads\/2026\/04\/Thiede-189x272.jpg 189w, https:\/\/rezensionen.afet.de\/wp-content\/uploads\/2026\/04\/Thiede-142x205.jpg 142w, https:\/\/rezensionen.afet.de\/wp-content\/uploads\/2026\/04\/Thiede-63x90.jpg 63w, https:\/\/rezensionen.afet.de\/wp-content\/uploads\/2026\/04\/Thiede-309x445.jpg 309w, https:\/\/rezensionen.afet.de\/wp-content\/uploads\/2026\/04\/Thiede.jpg 450w\" sizes=\"auto, (max-width: 104px) 100vw, 104px\" \/><\/a><\/div><a class=\"wp-block-latest-posts__post-title\" href=\"https:\/\/rezensionen.afet.de\/?p=2744\">Werner Thiede: Unsterblichkeit der Seele?<\/a><div class=\"wp-block-latest-posts__post-author\">von Hanna Stettler<\/div><\/li>\n<li><div class=\"wp-block-latest-posts__featured-image\"><a href=\"https:\/\/rezensionen.afet.de\/?p=2741\" aria-label=\"Wolfgang Engelhardt: Die ethische Debatte um den Einsatz autonomer Waffensysteme\"><img loading=\"lazy\" decoding=\"async\" width=\"100\" height=\"150\" src=\"https:\/\/rezensionen.afet.de\/wp-content\/uploads\/2026\/04\/Engelhardt-100x150.jpg\" class=\"attachment-thumbnail size-thumbnail wp-post-image\" alt=\"\" style=\"\" srcset=\"https:\/\/rezensionen.afet.de\/wp-content\/uploads\/2026\/04\/Engelhardt-100x150.jpg 100w, https:\/\/rezensionen.afet.de\/wp-content\/uploads\/2026\/04\/Engelhardt-200x300.jpg 200w, https:\/\/rezensionen.afet.de\/wp-content\/uploads\/2026\/04\/Engelhardt-181x272.jpg 181w, https:\/\/rezensionen.afet.de\/wp-content\/uploads\/2026\/04\/Engelhardt-137x205.jpg 137w, https:\/\/rezensionen.afet.de\/wp-content\/uploads\/2026\/04\/Engelhardt-60x90.jpg 60w, https:\/\/rezensionen.afet.de\/wp-content\/uploads\/2026\/04\/Engelhardt.jpg 273w\" sizes=\"auto, (max-width: 100px) 100vw, 100px\" \/><\/a><\/div><a class=\"wp-block-latest-posts__post-title\" href=\"https:\/\/rezensionen.afet.de\/?p=2741\">Wolfgang Engelhardt: Die ethische Debatte um den Einsatz autonomer Waffensysteme<\/a><div class=\"wp-block-latest-posts__post-author\">von Michael Schwantge<\/div><\/li>\n<li><div class=\"wp-block-latest-posts__featured-image\"><a href=\"https:\/\/rezensionen.afet.de\/?p=2738\" aria-label=\"Christoph Raedel: Evangelisch bleiben\"><img loading=\"lazy\" decoding=\"async\" width=\"100\" height=\"150\" src=\"https:\/\/rezensionen.afet.de\/wp-content\/uploads\/2026\/04\/Raedel-100x150.jpg\" class=\"attachment-thumbnail size-thumbnail wp-post-image\" alt=\"\" style=\"\" srcset=\"https:\/\/rezensionen.afet.de\/wp-content\/uploads\/2026\/04\/Raedel-100x150.jpg 100w, https:\/\/rezensionen.afet.de\/wp-content\/uploads\/2026\/04\/Raedel-200x300.jpg 200w, https:\/\/rezensionen.afet.de\/wp-content\/uploads\/2026\/04\/Raedel-683x1024.jpg 683w, https:\/\/rezensionen.afet.de\/wp-content\/uploads\/2026\/04\/Raedel-768x1152.jpg 768w, https:\/\/rezensionen.afet.de\/wp-content\/uploads\/2026\/04\/Raedel-1024x1536.jpg 1024w, https:\/\/rezensionen.afet.de\/wp-content\/uploads\/2026\/04\/Raedel-1366x2048.jpg 1366w, https:\/\/rezensionen.afet.de\/wp-content\/uploads\/2026\/04\/Raedel-181x272.jpg 181w, https:\/\/rezensionen.afet.de\/wp-content\/uploads\/2026\/04\/Raedel-137x205.jpg 137w, https:\/\/rezensionen.afet.de\/wp-content\/uploads\/2026\/04\/Raedel-60x90.jpg 60w, https:\/\/rezensionen.afet.de\/wp-content\/uploads\/2026\/04\/Raedel-297x445.jpg 297w, https:\/\/rezensionen.afet.de\/wp-content\/uploads\/2026\/04\/Raedel.jpg 1654w\" sizes=\"auto, (max-width: 100px) 100vw, 100px\" \/><\/a><\/div><a class=\"wp-block-latest-posts__post-title\" href=\"https:\/\/rezensionen.afet.de\/?p=2738\">Christoph Raedel: Evangelisch bleiben<\/a><div class=\"wp-block-latest-posts__post-author\">von Armin Wenz<\/div><\/li>\n<li><div class=\"wp-block-latest-posts__featured-image\"><a href=\"https:\/\/rezensionen.afet.de\/?p=2735\" aria-label=\"Harald Seubert: Philosophiegeschichte des 20. Jahrhunderts\"><img loading=\"lazy\" decoding=\"async\" width=\"101\" height=\"150\" src=\"https:\/\/rezensionen.afet.de\/wp-content\/uploads\/2026\/04\/Seubert-101x150.webp\" class=\"attachment-thumbnail size-thumbnail wp-post-image\" alt=\"\" style=\"\" srcset=\"https:\/\/rezensionen.afet.de\/wp-content\/uploads\/2026\/04\/Seubert-101x150.webp 101w, https:\/\/rezensionen.afet.de\/wp-content\/uploads\/2026\/04\/Seubert-203x300.webp 203w, https:\/\/rezensionen.afet.de\/wp-content\/uploads\/2026\/04\/Seubert-184x272.webp 184w, https:\/\/rezensionen.afet.de\/wp-content\/uploads\/2026\/04\/Seubert-138x205.webp 138w, https:\/\/rezensionen.afet.de\/wp-content\/uploads\/2026\/04\/Seubert-61x90.webp 61w, https:\/\/rezensionen.afet.de\/wp-content\/uploads\/2026\/04\/Seubert.webp 270w\" sizes=\"auto, (max-width: 101px) 100vw, 101px\" \/><\/a><\/div><a class=\"wp-block-latest-posts__post-title\" href=\"https:\/\/rezensionen.afet.de\/?p=2735\">Harald Seubert: Philosophiegeschichte des 20. Jahrhunderts<\/a><div class=\"wp-block-latest-posts__post-author\">von Heinzpeter Hempelmann<\/div><\/li>\n<li><div class=\"wp-block-latest-posts__featured-image\"><a href=\"https:\/\/rezensionen.afet.de\/?p=2732\" aria-label=\"Oswald Bayer: Vernunft und Vertrauen\"><img loading=\"lazy\" decoding=\"async\" width=\"102\" height=\"150\" src=\"https:\/\/rezensionen.afet.de\/wp-content\/uploads\/2026\/04\/Bayer-102x150.jpeg\" class=\"attachment-thumbnail size-thumbnail wp-post-image\" alt=\"\" style=\"\" srcset=\"https:\/\/rezensionen.afet.de\/wp-content\/uploads\/2026\/04\/Bayer-102x150.jpeg 102w, https:\/\/rezensionen.afet.de\/wp-content\/uploads\/2026\/04\/Bayer-204x300.jpeg 204w, https:\/\/rezensionen.afet.de\/wp-content\/uploads\/2026\/04\/Bayer-697x1024.jpeg 697w, https:\/\/rezensionen.afet.de\/wp-content\/uploads\/2026\/04\/Bayer-768x1129.jpeg 768w, https:\/\/rezensionen.afet.de\/wp-content\/uploads\/2026\/04\/Bayer-185x272.jpeg 185w, https:\/\/rezensionen.afet.de\/wp-content\/uploads\/2026\/04\/Bayer-139x205.jpeg 139w, https:\/\/rezensionen.afet.de\/wp-content\/uploads\/2026\/04\/Bayer-61x90.jpeg 61w, https:\/\/rezensionen.afet.de\/wp-content\/uploads\/2026\/04\/Bayer-303x445.jpeg 303w, https:\/\/rezensionen.afet.de\/wp-content\/uploads\/2026\/04\/Bayer.jpeg 800w\" sizes=\"auto, (max-width: 102px) 100vw, 102px\" \/><\/a><\/div><a class=\"wp-block-latest-posts__post-title\" href=\"https:\/\/rezensionen.afet.de\/?p=2732\">Oswald Bayer: Vernunft und Vertrauen<\/a><div class=\"wp-block-latest-posts__post-author\">von Timo Lueg<\/div><\/li>\n<li><div class=\"wp-block-latest-posts__featured-image\"><a href=\"https:\/\/rezensionen.afet.de\/?p=2729\" aria-label=\"Markus Stohldreier: Pr\u00e4destination\"><img loading=\"lazy\" decoding=\"async\" width=\"100\" height=\"150\" src=\"https:\/\/rezensionen.afet.de\/wp-content\/uploads\/2026\/04\/Stohldreier-100x150.jpg\" class=\"attachment-thumbnail size-thumbnail wp-post-image\" alt=\"\" style=\"\" srcset=\"https:\/\/rezensionen.afet.de\/wp-content\/uploads\/2026\/04\/Stohldreier-100x150.jpg 100w, https:\/\/rezensionen.afet.de\/wp-content\/uploads\/2026\/04\/Stohldreier-200x300.jpg 200w, https:\/\/rezensionen.afet.de\/wp-content\/uploads\/2026\/04\/Stohldreier-181x272.jpg 181w, https:\/\/rezensionen.afet.de\/wp-content\/uploads\/2026\/04\/Stohldreier-137x205.jpg 137w, https:\/\/rezensionen.afet.de\/wp-content\/uploads\/2026\/04\/Stohldreier-60x90.jpg 60w, https:\/\/rezensionen.afet.de\/wp-content\/uploads\/2026\/04\/Stohldreier.jpg 273w\" sizes=\"auto, (max-width: 100px) 100vw, 100px\" \/><\/a><\/div><a class=\"wp-block-latest-posts__post-title\" href=\"https:\/\/rezensionen.afet.de\/?p=2729\">Markus Stohldreier: Pr\u00e4destination<\/a><div class=\"wp-block-latest-posts__post-author\">von Thomas Kl\u00f6ckner<\/div><\/li>\n<li><div class=\"wp-block-latest-posts__featured-image\"><a href=\"https:\/\/rezensionen.afet.de\/?p=2726\" aria-label=\"Ulvi Karagedik: Hadithhermeneutik\"><img loading=\"lazy\" decoding=\"async\" width=\"105\" height=\"150\" src=\"https:\/\/rezensionen.afet.de\/wp-content\/uploads\/2026\/04\/Karagedik-105x150.jpg\" class=\"attachment-thumbnail size-thumbnail wp-post-image\" alt=\"\" style=\"\" srcset=\"https:\/\/rezensionen.afet.de\/wp-content\/uploads\/2026\/04\/Karagedik-105x150.jpg 105w, https:\/\/rezensionen.afet.de\/wp-content\/uploads\/2026\/04\/Karagedik-209x300.jpg 209w, https:\/\/rezensionen.afet.de\/wp-content\/uploads\/2026\/04\/Karagedik-714x1024.jpg 714w, https:\/\/rezensionen.afet.de\/wp-content\/uploads\/2026\/04\/Karagedik-768x1101.jpg 768w, https:\/\/rezensionen.afet.de\/wp-content\/uploads\/2026\/04\/Karagedik-190x272.jpg 190w, https:\/\/rezensionen.afet.de\/wp-content\/uploads\/2026\/04\/Karagedik-143x205.jpg 143w, https:\/\/rezensionen.afet.de\/wp-content\/uploads\/2026\/04\/Karagedik-63x90.jpg 63w, https:\/\/rezensionen.afet.de\/wp-content\/uploads\/2026\/04\/Karagedik-310x445.jpg 310w, https:\/\/rezensionen.afet.de\/wp-content\/uploads\/2026\/04\/Karagedik.jpg 837w\" sizes=\"auto, (max-width: 105px) 100vw, 105px\" \/><\/a><\/div><a class=\"wp-block-latest-posts__post-title\" href=\"https:\/\/rezensionen.afet.de\/?p=2726\">Ulvi Karagedik: Hadithhermeneutik<\/a><div class=\"wp-block-latest-posts__post-author\">von Heiko Wenzel<\/div><\/li>\n<li><div class=\"wp-block-latest-posts__featured-image\"><a href=\"https:\/\/rezensionen.afet.de\/?p=2723\" aria-label=\"Zekirija Sejdini \/ Jonas Kolb: Wissenschaftliches Forschen und Arbeiten in der Islamischen Theologie\"><img loading=\"lazy\" decoding=\"async\" width=\"105\" height=\"150\" src=\"https:\/\/rezensionen.afet.de\/wp-content\/uploads\/2026\/04\/Kolb-105x150.jpg\" class=\"attachment-thumbnail size-thumbnail wp-post-image\" alt=\"\" style=\"\" srcset=\"https:\/\/rezensionen.afet.de\/wp-content\/uploads\/2026\/04\/Kolb-105x150.jpg 105w, https:\/\/rezensionen.afet.de\/wp-content\/uploads\/2026\/04\/Kolb-209x300.jpg 209w, https:\/\/rezensionen.afet.de\/wp-content\/uploads\/2026\/04\/Kolb-715x1024.jpg 715w, https:\/\/rezensionen.afet.de\/wp-content\/uploads\/2026\/04\/Kolb-768x1100.jpg 768w, https:\/\/rezensionen.afet.de\/wp-content\/uploads\/2026\/04\/Kolb-1072x1536.jpg 1072w, https:\/\/rezensionen.afet.de\/wp-content\/uploads\/2026\/04\/Kolb-1429x2048.jpg 1429w, https:\/\/rezensionen.afet.de\/wp-content\/uploads\/2026\/04\/Kolb-190x272.jpg 190w, https:\/\/rezensionen.afet.de\/wp-content\/uploads\/2026\/04\/Kolb-143x205.jpg 143w, https:\/\/rezensionen.afet.de\/wp-content\/uploads\/2026\/04\/Kolb-63x90.jpg 63w, https:\/\/rezensionen.afet.de\/wp-content\/uploads\/2026\/04\/Kolb-311x445.jpg 311w, https:\/\/rezensionen.afet.de\/wp-content\/uploads\/2026\/04\/Kolb.jpg 1772w\" sizes=\"auto, (max-width: 105px) 100vw, 105px\" \/><\/a><\/div><a class=\"wp-block-latest-posts__post-title\" href=\"https:\/\/rezensionen.afet.de\/?p=2723\">Zekirija Sejdini \/ Jonas Kolb: Wissenschaftliches Forschen und Arbeiten in der Islamischen Theologie<\/a><div class=\"wp-block-latest-posts__post-author\">von Heiko Wenzel<\/div><\/li>\n<li><div class=\"wp-block-latest-posts__featured-image\"><a href=\"https:\/\/rezensionen.afet.de\/?p=2720\" aria-label=\"Fritz Lienhard: Die Zukunft der evangelischen Kirchen\"><img loading=\"lazy\" decoding=\"async\" width=\"101\" height=\"150\" src=\"https:\/\/rezensionen.afet.de\/wp-content\/uploads\/2026\/04\/Lienhard-101x150.jpg\" class=\"attachment-thumbnail size-thumbnail wp-post-image\" alt=\"\" style=\"\" srcset=\"https:\/\/rezensionen.afet.de\/wp-content\/uploads\/2026\/04\/Lienhard-101x150.jpg 101w, https:\/\/rezensionen.afet.de\/wp-content\/uploads\/2026\/04\/Lienhard-202x300.jpg 202w, https:\/\/rezensionen.afet.de\/wp-content\/uploads\/2026\/04\/Lienhard-183x272.jpg 183w, https:\/\/rezensionen.afet.de\/wp-content\/uploads\/2026\/04\/Lienhard-138x205.jpg 138w, https:\/\/rezensionen.afet.de\/wp-content\/uploads\/2026\/04\/Lienhard-61x90.jpg 61w, https:\/\/rezensionen.afet.de\/wp-content\/uploads\/2026\/04\/Lienhard-300x445.jpg 300w, https:\/\/rezensionen.afet.de\/wp-content\/uploads\/2026\/04\/Lienhard.jpg 404w\" sizes=\"auto, (max-width: 101px) 100vw, 101px\" \/><\/a><\/div><a class=\"wp-block-latest-posts__post-title\" href=\"https:\/\/rezensionen.afet.de\/?p=2720\">Fritz Lienhard: Die Zukunft der evangelischen Kirchen<\/a><div class=\"wp-block-latest-posts__post-author\">von Andreas Schmierer<\/div><\/li>\n<li><div class=\"wp-block-latest-posts__featured-image\"><a href=\"https:\/\/rezensionen.afet.de\/?p=2717\" aria-label=\"Ralph Kunz\/Henning Wrogemann (Hg.): Many Modes \u2013 One Goal?\"><img loading=\"lazy\" decoding=\"async\" width=\"101\" height=\"150\" src=\"https:\/\/rezensionen.afet.de\/wp-content\/uploads\/2026\/04\/Kunz-101x150.jpg\" class=\"attachment-thumbnail size-thumbnail wp-post-image\" alt=\"\" style=\"\" srcset=\"https:\/\/rezensionen.afet.de\/wp-content\/uploads\/2026\/04\/Kunz-101x150.jpg 101w, https:\/\/rezensionen.afet.de\/wp-content\/uploads\/2026\/04\/Kunz-202x300.jpg 202w, https:\/\/rezensionen.afet.de\/wp-content\/uploads\/2026\/04\/Kunz-183x272.jpg 183w, https:\/\/rezensionen.afet.de\/wp-content\/uploads\/2026\/04\/Kunz-138x205.jpg 138w, https:\/\/rezensionen.afet.de\/wp-content\/uploads\/2026\/04\/Kunz-61x90.jpg 61w, https:\/\/rezensionen.afet.de\/wp-content\/uploads\/2026\/04\/Kunz-300x445.jpg 300w, https:\/\/rezensionen.afet.de\/wp-content\/uploads\/2026\/04\/Kunz.jpg 404w\" sizes=\"auto, (max-width: 101px) 100vw, 101px\" \/><\/a><\/div><a class=\"wp-block-latest-posts__post-title\" href=\"https:\/\/rezensionen.afet.de\/?p=2717\">Ralph Kunz\/Henning Wrogemann (Hg.): Many Modes \u2013 One Goal?<\/a><div class=\"wp-block-latest-posts__post-author\">von Andreas Schmierer<\/div><\/li>\n<li><div class=\"wp-block-latest-posts__featured-image\"><a href=\"https:\/\/rezensionen.afet.de\/?p=2714\" aria-label=\"Hans Schaeffer\/Jan Martijn Abrahamse\/Karen Zwijze-Koning\/Stefan Paas (Hg.): Visions of the Good Life\"><img loading=\"lazy\" decoding=\"async\" width=\"99\" height=\"150\" src=\"https:\/\/rezensionen.afet.de\/wp-content\/uploads\/2026\/04\/Schaeffer-99x150.webp\" class=\"attachment-thumbnail size-thumbnail wp-post-image\" alt=\"\" style=\"\" srcset=\"https:\/\/rezensionen.afet.de\/wp-content\/uploads\/2026\/04\/Schaeffer-99x150.webp 99w, https:\/\/rezensionen.afet.de\/wp-content\/uploads\/2026\/04\/Schaeffer-198x300.webp 198w, https:\/\/rezensionen.afet.de\/wp-content\/uploads\/2026\/04\/Schaeffer-180x272.webp 180w, https:\/\/rezensionen.afet.de\/wp-content\/uploads\/2026\/04\/Schaeffer-135x205.webp 135w, https:\/\/rezensionen.afet.de\/wp-content\/uploads\/2026\/04\/Schaeffer-59x90.webp 59w, https:\/\/rezensionen.afet.de\/wp-content\/uploads\/2026\/04\/Schaeffer.webp 200w\" sizes=\"auto, (max-width: 99px) 100vw, 99px\" \/><\/a><\/div><a class=\"wp-block-latest-posts__post-title\" href=\"https:\/\/rezensionen.afet.de\/?p=2714\">Hans Schaeffer\/Jan Martijn Abrahamse\/Karen Zwijze-Koning\/Stefan Paas (Hg.): Visions of the Good Life<\/a><div class=\"wp-block-latest-posts__post-author\">von Thomas Kr\u00e4uter<\/div><\/li>\n<li><div class=\"wp-block-latest-posts__featured-image\"><a href=\"https:\/\/rezensionen.afet.de\/?p=2710\" aria-label=\"Lisa Stiller: Spiritual Care am Lebensende\"><img loading=\"lazy\" decoding=\"async\" width=\"100\" height=\"150\" src=\"https:\/\/rezensionen.afet.de\/wp-content\/uploads\/2026\/04\/Stiller-100x150.jpg\" class=\"attachment-thumbnail size-thumbnail wp-post-image\" alt=\"\" style=\"\" srcset=\"https:\/\/rezensionen.afet.de\/wp-content\/uploads\/2026\/04\/Stiller-100x150.jpg 100w, https:\/\/rezensionen.afet.de\/wp-content\/uploads\/2026\/04\/Stiller-200x300.jpg 200w, https:\/\/rezensionen.afet.de\/wp-content\/uploads\/2026\/04\/Stiller-181x272.jpg 181w, https:\/\/rezensionen.afet.de\/wp-content\/uploads\/2026\/04\/Stiller-137x205.jpg 137w, https:\/\/rezensionen.afet.de\/wp-content\/uploads\/2026\/04\/Stiller-60x90.jpg 60w, https:\/\/rezensionen.afet.de\/wp-content\/uploads\/2026\/04\/Stiller.jpg 273w\" sizes=\"auto, (max-width: 100px) 100vw, 100px\" \/><\/a><\/div><a class=\"wp-block-latest-posts__post-title\" href=\"https:\/\/rezensionen.afet.de\/?p=2710\">Lisa Stiller: Spiritual Care am Lebensende<\/a><div class=\"wp-block-latest-posts__post-author\">von Andrea Kallweit-Bensel<\/div><\/li>\n<li><div class=\"wp-block-latest-posts__featured-image\"><a href=\"https:\/\/rezensionen.afet.de\/?p=2707\" aria-label=\"Mirjam Best: Kirche neu erleben!?\"><img loading=\"lazy\" decoding=\"async\" width=\"101\" height=\"150\" src=\"https:\/\/rezensionen.afet.de\/wp-content\/uploads\/2026\/04\/Best-101x150.jpg\" class=\"attachment-thumbnail size-thumbnail wp-post-image\" alt=\"\" style=\"\" srcset=\"https:\/\/rezensionen.afet.de\/wp-content\/uploads\/2026\/04\/Best-101x150.jpg 101w, https:\/\/rezensionen.afet.de\/wp-content\/uploads\/2026\/04\/Best-202x300.jpg 202w, https:\/\/rezensionen.afet.de\/wp-content\/uploads\/2026\/04\/Best-183x272.jpg 183w, https:\/\/rezensionen.afet.de\/wp-content\/uploads\/2026\/04\/Best-138x205.jpg 138w, https:\/\/rezensionen.afet.de\/wp-content\/uploads\/2026\/04\/Best-61x90.jpg 61w, https:\/\/rezensionen.afet.de\/wp-content\/uploads\/2026\/04\/Best-300x445.jpg 300w, https:\/\/rezensionen.afet.de\/wp-content\/uploads\/2026\/04\/Best.jpg 404w\" sizes=\"auto, (max-width: 101px) 100vw, 101px\" \/><\/a><\/div><a class=\"wp-block-latest-posts__post-title\" href=\"https:\/\/rezensionen.afet.de\/?p=2707\">Mirjam Best: Kirche neu erleben!?<\/a><div class=\"wp-block-latest-posts__post-author\">von Henrik Homrighausen<\/div><\/li>\n<li><div class=\"wp-block-latest-posts__featured-image\"><a href=\"https:\/\/rezensionen.afet.de\/?p=2704\" aria-label=\"Wolfgang Ilg\/Larissa von Schwanenfl\u00fcgel: Lehrbuch Kinder- und Jugendarbeit\"><img loading=\"lazy\" decoding=\"async\" width=\"98\" height=\"150\" src=\"https:\/\/rezensionen.afet.de\/wp-content\/uploads\/2026\/04\/Ilg-98x150.jpeg\" class=\"attachment-thumbnail size-thumbnail wp-post-image\" alt=\"\" style=\"\" srcset=\"https:\/\/rezensionen.afet.de\/wp-content\/uploads\/2026\/04\/Ilg-98x150.jpeg 98w, https:\/\/rezensionen.afet.de\/wp-content\/uploads\/2026\/04\/Ilg-196x300.jpeg 196w, https:\/\/rezensionen.afet.de\/wp-content\/uploads\/2026\/04\/Ilg-668x1024.jpeg 668w, https:\/\/rezensionen.afet.de\/wp-content\/uploads\/2026\/04\/Ilg-768x1178.jpeg 768w, https:\/\/rezensionen.afet.de\/wp-content\/uploads\/2026\/04\/Ilg-177x272.jpeg 177w, https:\/\/rezensionen.afet.de\/wp-content\/uploads\/2026\/04\/Ilg-134x205.jpeg 134w, https:\/\/rezensionen.afet.de\/wp-content\/uploads\/2026\/04\/Ilg-59x90.jpeg 59w, https:\/\/rezensionen.afet.de\/wp-content\/uploads\/2026\/04\/Ilg-290x445.jpeg 290w, https:\/\/rezensionen.afet.de\/wp-content\/uploads\/2026\/04\/Ilg.jpeg 945w\" sizes=\"auto, (max-width: 98px) 100vw, 98px\" \/><\/a><\/div><a class=\"wp-block-latest-posts__post-title\" href=\"https:\/\/rezensionen.afet.de\/?p=2704\">Wolfgang Ilg\/Larissa von Schwanenfl\u00fcgel: Lehrbuch Kinder- und Jugendarbeit<\/a><div class=\"wp-block-latest-posts__post-author\">von Judith Hildebrandt<\/div><\/li>\n<li><div class=\"wp-block-latest-posts__featured-image\"><a href=\"https:\/\/rezensionen.afet.de\/?p=2701\" aria-label=\"Mark Scanlan: An Interweaving Ecclesiology\"><img loading=\"lazy\" decoding=\"async\" width=\"94\" height=\"150\" src=\"https:\/\/rezensionen.afet.de\/wp-content\/uploads\/2026\/04\/Scanlan-94x150.jpg\" class=\"attachment-thumbnail size-thumbnail wp-post-image\" alt=\"\" style=\"\" srcset=\"https:\/\/rezensionen.afet.de\/wp-content\/uploads\/2026\/04\/Scanlan-94x150.jpg 94w, https:\/\/rezensionen.afet.de\/wp-content\/uploads\/2026\/04\/Scanlan-188x300.jpg 188w, https:\/\/rezensionen.afet.de\/wp-content\/uploads\/2026\/04\/Scanlan-170x272.jpg 170w, https:\/\/rezensionen.afet.de\/wp-content\/uploads\/2026\/04\/Scanlan-128x205.jpg 128w, https:\/\/rezensionen.afet.de\/wp-content\/uploads\/2026\/04\/Scanlan-56x90.jpg 56w, https:\/\/rezensionen.afet.de\/wp-content\/uploads\/2026\/04\/Scanlan.jpg 250w\" sizes=\"auto, (max-width: 94px) 100vw, 94px\" \/><\/a><\/div><a class=\"wp-block-latest-posts__post-title\" href=\"https:\/\/rezensionen.afet.de\/?p=2701\">Mark Scanlan: An Interweaving Ecclesiology<\/a><div class=\"wp-block-latest-posts__post-author\">von Matti Groth<\/div><\/li>\n<\/ul><\/div>\n<\/div>\n<\/div>\n\n\n\n<p>Die Gesamtredaktion und die f\u00fcnf Fachbereiche werden von folgenden Personen verantwortet:<\/p>\n\n\n\n<div style=\"display: table; width: 100%;\">\n<div style=\"display: table-row;\">\n<div style=\"display: table-cell;\">\n<dl>\n<dt>Gesamtredaktion:<\/dt>\n<dd>Tim Spahn (<a href=\"mailto:rezensionen@afet.de\" target=\"_blank\" rel=\"noopener noreferrer\">E-Mail<\/a>)<\/dd>\n<\/dl>\n<dl>\n<dt>Altes Testament:<\/dt>\n<dd>Dr. Yannick Schanz (<a href=\"mailto:Yannick.Schanz@elkw.de\" target=\"_blank\" rel=\"noopener noreferrer\">E-Mail<\/a>)<\/dd>\n<\/dl>\n<dl>\n<dt>Neues Testament:<\/dt>\n<dd>Pfr. Dr. J\u00fcrg Buchegger (<a href=\"mailto:j.buchegger@datacomm.ch\" target=\"_blank\" rel=\"noopener noreferrer\">E-Mail<\/a>)<\/dd>\n<\/dl>\n<\/div>\n<div style=\"display: table-cell;\">\n<dl>\n<dt>Historische Theologie:<\/dt>\n<dd>Pfr. Dr. Jochen Eber (<a href=\"mailto:eberj@gmx.de\" target=\"_blank\" rel=\"noopener noreferrer\">E-Mail<\/a>)<\/dd>\n<\/dl>\n<dl>\n<dt>Systematische Theologie:<\/dt>\n<dd>Dr. Siegbert Riecker (<a href=\"mailto:S.Riecker@bsk.org\" target=\"_blank\" rel=\"noopener noreferrer\">E-Mail<\/a>)<\/dd>\n<\/dl>\n<dl>\n<dt>Praktische Theologie:<\/dt>\n<dd>Dr. habil Friedemann Burkhardt (<a href=\"mailto:friedemann.burkhardt@ihl.eu\">E-Mail<\/a>)<\/dd>\n<\/dl>\n<dt>Religionsp\u00e4dagogik &#038; Katechetik:<\/dt>\n<dd>Prof. Dr. Arndt Schnepper (<a href=\"mailto:arndt.schnepper@feg.de\">E-Mail<\/a>)<\/dd><\/dl>\n<\/div>\n<\/div>\n<\/div>\n\n\n\n<p>Neue Rezensionen werden jeweils im <strong>April<\/strong> und <strong>Oktober<\/strong> hochgeladen. Eine Garantie f\u00fcr die R\u00fccksendung oder Besprechung unaufgefordert zugesandter Rezensionsexemplare kann nicht \u00fcbernommen werden.<\/p>\n\n\n\n<p><span style=\"display: inline-block;\">Hier finden Sie die Autorenrichtlinien f\u00fcr neue Rezensionen: <\/span><\/p>\n\n\n\n<div class=\"dwnldbtn\"><a style=\"color: white;\" href=\"https:\/\/rezensionen.afet.de\/wp-content\/uploads\/2025\/10\/Autorenrichtlinien-AfeT-Rezensionen-10.2025.pdf\">Download PDF<\/a><\/div>\n\n\n\n<p>Von 1987 bis 2016 erschien das <em>Jahrbuch f\u00fcr Evangelikale Theologie<\/em> mit einem umfangreichen Rezensionsteil. Eine \u00dcbersicht aller Rezensionen ist <a href=\"http:\/\/www.afet.de\/rezensionen-im-jahrbuch-fuer-evangelikale-theologie-jeth\/\">hier<\/a> zu finden.<\/p>\n","protected":false},"excerpt":{"rendered":"<p>In den AfeT-Rezensionen werden Neuerscheinungen aus der Bibelwissenschaft, der Systematischen, Historischen und der Praktischen Theologie vorgestellt. Ein besonderes Interesse gilt<\/p>\n","protected":false},"author":1,"featured_media":0,"parent":0,"menu_order":0,"comment_status":"closed","ping_status":"open","template":"","meta":{"colormag_page_container_layout":"no_sidebar_full_width","colormag_page_sidebar_layout":"no_sidebar","inline_featured_image":false,"footnotes":""},"class_list":["post-2","page","type-page","status-publish","hentry"],"_links":{"self":[{"href":"https:\/\/rezensionen.afet.de\/index.php?rest_route=\/wp\/v2\/pages\/2","targetHints":{"allow":["GET"]}}],"collection":[{"href":"https:\/\/rezensionen.afet.de\/index.php?rest_route=\/wp\/v2\/pages"}],"about":[{"href":"https:\/\/rezensionen.afet.de\/index.php?rest_route=\/wp\/v2\/types\/page"}],"author":[{"embeddable":true,"href":"https:\/\/rezensionen.afet.de\/index.php?rest_route=\/wp\/v2\/users\/1"}],"replies":[{"embeddable":true,"href":"https:\/\/rezensionen.afet.de\/index.php?rest_route=%2Fwp%2Fv2%2Fcomments&post=2"}],"version-history":[{"count":56,"href":"https:\/\/rezensionen.afet.de\/index.php?rest_route=\/wp\/v2\/pages\/2\/revisions"}],"predecessor-version":[{"id":2635,"href":"https:\/\/rezensionen.afet.de\/index.php?rest_route=\/wp\/v2\/pages\/2\/revisions\/2635"}],"wp:attachment":[{"href":"https:\/\/rezensionen.afet.de\/index.php?rest_route=%2Fwp%2Fv2%2Fmedia&parent=2"}],"curies":[{"name":"wp","href":"https:\/\/api.w.org\/{rel}","templated":true}]}}